{"id":148,"date":"2013-09-10T21:31:51","date_gmt":"2013-09-10T19:31:51","guid":{"rendered":"http:\/\/handballratingen.de\/wp\/?page_id=148"},"modified":"2019-02-21T13:46:37","modified_gmt":"2019-02-21T12:46:37","slug":"sportstaetten","status":"publish","type":"page","link":"https:\/\/www.handballratingen.de\/wp\/?page_id=148","title":{"rendered":"Sportst\u00e4tten"},"content":{"rendered":"<h3>Die Sportst\u00e4tten sind leicht zu finden. Sie liegen zentral in der Innenstadt Ratingens.<\/h3>\n<p>&#8230;&#8230;&#8230;&#8230;&#8230;&#8230;&#8230;&#8230;&#8230;&#8230;&#8230;&#8230;&#8230;&#8230;&#8230;&#8230;&#8230;&#8230;&#8230;&#8230;&#8230;&#8230;&#8230;&#8230;&#8230;&#8230;&#8230;&#8230;&#8230;&#8230;&#8230;&#8230;&#8230;&#8230;&#8230;&#8230;&#8230;&#8230;&#8230;&#8230;&#8230;&#8230;&#8230;&#8230;&#8230;&#8230;&#8230;&#8230;&#8230;&#8230;&#8230;.<\/p>\n<p>&nbsp;<\/p>\n<h3>Sporthalle Europaring | <a href=\"https:\/\/www.google.de\/maps\/place\/Carl+Friedrich+von+Weizs%C3%A4cker-Gymnasium\/@51.2923781,6.8528019,15z\/data=%214m2%213m1%211s0x0:0x394885ebad1d39d6?sa=X&amp;ei=OxWMVbGMMciVsAHd5oGgCQ&amp;ved=0CHcQ_BIwDQ\" target=\"_blank\">Karl-M\u00fccher-Weg, 40878 Ratingen<\/a><\/h3>\n<p style=\"text-align: justify;\"><img decoding=\"async\" class=\"alignnone  wp-image-680\" src=\"http:\/\/handballratingen.de\/wp\/wp-content\/uploads\/2013\/09\/Sporthalle_EUR-01.jpg\" alt=\"Sporthalle_EUR-01\" width=\"252\" height=\"167\" srcset=\"https:\/\/www.handballratingen.de\/wp\/wp-content\/uploads\/2013\/09\/Sporthalle_EUR-01-300x198.jpg 300w, https:\/\/www.handballratingen.de\/wp\/wp-content\/uploads\/2013\/09\/Sporthalle_EUR-01.jpg 600w\" sizes=\"(max-width: 252px) 100vw, 252px\" \/><\/p>\n<p style=\"text-align: justify;\">Die Heimspielst\u00e4tte des TV Ratingen &#8211; die Sporthalle am Europaring &#8211; befindet sich im Herzen von Ratingen. Die Halle kann bequem fussl\u00e4ufig, mit dem \u00d6PNV oder privaten PKW erreicht werden. Parkpl\u00e4tze sind ausreichend vorhanden.<br \/>\n<div class=\"fusion-fullwidth fullwidth-box fusion-builder-row-1 hundred-percent-fullwidth non-hundred-percent-height-scrolling\" style=\"--awb-border-radius-top-left:0px;--awb-border-radius-top-right:0px;--awb-border-radius-bottom-right:0px;--awb-border-radius-bottom-left:0px;--awb-overflow:visible;--awb-flex-wrap:wrap;\" ><div class=\"fusion-builder-row fusion-row\"><div class=\"fusion-layout-column fusion_builder_column fusion-builder-column-0 fusion_builder_column_1_1 1_1 fusion-one-full fusion-column-first fusion-column-last fusion-column-no-min-height\" style=\"--awb-bg-size:cover;--awb-margin-bottom:0px;\"><div class=\"fusion-column-wrapper fusion-flex-column-wrapper-legacy\">\t\t\t\t\t<script type=\"text\/javascript\">\n\t\t\t\t\t\tvar map_fusion_map_69f4369917ee9;\n\t\t\t\t\t\tvar markers = [];\n\t\t\t\t\t\tvar counter = 0;\n\t\t\t\t\t\t\t\t\t\t\t\t\t\t\t\t\t\t\t\tvar fusionMapNonce = 'a7faeda423';\n\t\t\t\t\t\t\t\t\t\t\t\tfunction fusion_run_map_fusion_map_69f4369917ee9() {\n\t\t\t\t\t\t\tjQuery ('#fusion_map_69f4369917ee9' ).fusion_maps( {\n\t\t\t\t\t\t\t\taddresses: [{\"address\":\"Karl-M\\u00fccher-Weg,+40878+Ratingen\",\"infobox_content\":\"\",\"coordinates\":false,\"cache\":true,\"latitude\":\"51.2913066\",\"longitude\":\"6.852894300000003\"}],\n\t\t\t\t\t\t\t\tanimations: false,\n\t\t\t\t\t\t\t\tinfobox_background_color: '',\n\t\t\t\t\t\t\t\tinfobox_styling: '',\n\t\t\t\t\t\t\t\tinfobox_text_color: '',\n\t\t\t\t\t\t\t\tmap_style: '',\n\t\t\t\t\t\t\t\tmap_type: 'roadmap',\n\t\t\t\t\t\t\t\tmarker_icon: '',\n\t\t\t\t\t\t\t\toverlay_color: '',\n\t\t\t\t\t\t\t\toverlay_color_hsl: {\"hue\":0,\"sat\":0,\"lum\":100},\n\t\t\t\t\t\t\t\tshow_address: true,\n\t\t\t\t\t\t\t\tscale_control: true,\n\t\t\t\t\t\t\t\tscrollwheel: true,\n\t\t\t\t\t\t\t\tzoom: 14,\n\t\t\t\t\t\t\t\tzoom_control: true,\n\t\t\t\t\t\t\t} );\n\t\t\t\t\t\t}\n\n\t\t\t\t\t\tgoogle.maps.event.addDomListener(window, 'load', fusion_run_map_fusion_map_69f4369917ee9);\n\t\t\t\t\t<\/script>\n\t\t\t\t\t<div class=\"shortcode-map fusion-google-map fusion-maps-js-type\" style=\"--awb-height:250px;\" id=\"fusion_map_69f4369917ee9\"><\/div>\n<div class=\"fusion-sep-clear\"><\/div><div class=\"fusion-separator fusion-full-width-sep\" style=\"margin-left: auto;margin-right: auto;margin-top:40px;margin-bottom:40px;width:100%;\"><div class=\"fusion-separator-border sep-single\" style=\"--awb-height:20px;--awb-amount:20px;border-color:#e0dede;border-top-width:1px;\"><\/div><\/div><div class=\"fusion-sep-clear\"><\/div>\n<h3>Sporthalle Wiesenstra\u00dfe |\u00a0<a href=\"https:\/\/www.google.de\/maps\/place\/adam+josef+c%C3%BCppers+berufskolleg+ratingen\/@51.29664,6.84582,15z\/data=%214m2%213m1%211s0x0:0xe83b8f5cfeff8b1d?sa=X&amp;ei=0xSMVcnYLIyqsAHUtID4BA&amp;ved=0CG0Q_BIwDg\" target=\"_blank\">Minoritenstra\u00dfe 10, 40878 Ratingen<\/a><\/h3>\n<p style=\"text-align: justify;\">\u00a0\u00a0<img decoding=\"async\" class=\"alignnone  wp-image-695\" src=\"http:\/\/handballratingen.de\/wp\/wp-content\/uploads\/2013\/09\/ABR4296_7_8_tonemapped.jpg\" alt=\"_ABR4296_7_8_tonemapped\" width=\"252\" height=\"169\" srcset=\"https:\/\/www.handballratingen.de\/wp\/wp-content\/uploads\/2013\/09\/ABR4296_7_8_tonemapped-300x200.jpg 300w, https:\/\/www.handballratingen.de\/wp\/wp-content\/uploads\/2013\/09\/ABR4296_7_8_tonemapped.jpg 600w\" sizes=\"(max-width: 252px) 100vw, 252px\" \/><a href=\"http:\/\/handballratingen.de\/wp\/wp-content\/uploads\/2013\/09\/ABR4296_7_8_tonemapped.jpg\"><br \/>\n<\/a><\/p>\n<p style=\"text-align: justify;\">Eine weitere Sporthalle steht dem TV Ratingen in der Stadtmitte zur Verf\u00fcgung. Gew\u00f6hnlich wird diese Trainingshalle als Sporthalle Wiesenstra\u00dfe bezeichnet. Hier trainieren \u00fcberwiegend die Junioren. Sie befindet sich zentral in der Stadtmitte Ratingens. Ob mit dem \u00d6PNV, Fahrzeug oder fussl\u00e4ufig, die Trainingshalle ist problemlos zu erreichen. Parkpl\u00e4tze sind direkt vor der Halle vorhanden.<div class=\"fusion-clearfix\"><\/div><\/div><\/div><div class=\"fusion-layout-column fusion_builder_column fusion-builder-column-1 fusion_builder_column_1_1 1_1 fusion-one-full fusion-column-first fusion-column-last fusion-column-no-min-height\" style=\"--awb-bg-size:cover;--awb-margin-bottom:0px;\"><div class=\"fusion-column-wrapper fusion-flex-column-wrapper-legacy\">\t\t\t\t\t<script type=\"text\/javascript\">\n\t\t\t\t\t\tvar map_fusion_map_69f436991821b;\n\t\t\t\t\t\tvar markers = [];\n\t\t\t\t\t\tvar counter = 0;\n\t\t\t\t\t\t\t\t\t\t\t\tfunction fusion_run_map_fusion_map_69f436991821b() {\n\t\t\t\t\t\t\tjQuery ('#fusion_map_69f436991821b' ).fusion_maps( {\n\t\t\t\t\t\t\t\taddresses: [{\"address\":\"Minoritenstra\\u00dfe+10,40878+Ratingen\",\"infobox_content\":\"\",\"coordinates\":false,\"cache\":true,\"latitude\":\"51.29664\",\"longitude\":\"6.845820000000003\"}],\n\t\t\t\t\t\t\t\tanimations: false,\n\t\t\t\t\t\t\t\tinfobox_background_color: '',\n\t\t\t\t\t\t\t\tinfobox_styling: '',\n\t\t\t\t\t\t\t\tinfobox_text_color: '',\n\t\t\t\t\t\t\t\tmap_style: '',\n\t\t\t\t\t\t\t\tmap_type: 'roadmap',\n\t\t\t\t\t\t\t\tmarker_icon: '',\n\t\t\t\t\t\t\t\toverlay_color: '',\n\t\t\t\t\t\t\t\toverlay_color_hsl: {\"hue\":0,\"sat\":0,\"lum\":100},\n\t\t\t\t\t\t\t\tshow_address: true,\n\t\t\t\t\t\t\t\tscale_control: true,\n\t\t\t\t\t\t\t\tscrollwheel: true,\n\t\t\t\t\t\t\t\tzoom: 14,\n\t\t\t\t\t\t\t\tzoom_control: true,\n\t\t\t\t\t\t\t} );\n\t\t\t\t\t\t}\n\n\t\t\t\t\t\tgoogle.maps.event.addDomListener(window, 'load', fusion_run_map_fusion_map_69f436991821b);\n\t\t\t\t\t<\/script>\n\t\t\t\t\t<div class=\"shortcode-map fusion-google-map fusion-maps-js-type\" style=\"--awb-height:250px;\" id=\"fusion_map_69f436991821b\"><\/div>\n<div class=\"fusion-sep-clear\"><\/div><div class=\"fusion-separator fusion-full-width-sep\" style=\"margin-left: auto;margin-right: auto;margin-top:40px;margin-bottom:40px;width:100%;\"><div class=\"fusion-separator-border sep-single\" style=\"--awb-height:20px;--awb-amount:20px;border-color:#e0dede;border-top-width:1px;\"><\/div><\/div><div class=\"fusion-sep-clear\"><\/div>\n<h3><\/h3>\n<h3>Sporthalle Philippstr. \u00a0| <a href=\"https:\/\/www.google.de\/maps\/place\/Friedrich-Ebert-Schule\/@51.29734,6.84211,15z\/data=%214m2%213m1%211s0x0:0x83c4c2e3ff0ac394?sa=X&amp;ei=FBWMVee1BIuyswGRjZOQDw&amp;ved=0CHEQ_BIwCg\" target=\"_blank\">Philippstra\u00dfe 30, 40878 Ratingen<\/a><\/h3>\n<p><a href=\"http:\/\/handballratingen.de\/wp\/wp-content\/uploads\/2013\/09\/Sporthalle-Philipstra\u00dfe.jpg\"><img decoding=\"async\" class=\"alignleft  wp-image-2628\" src=\"http:\/\/handballratingen.de\/wp\/wp-content\/uploads\/2013\/09\/Sporthalle-Philipstra\u00dfe-300x199.jpg\" alt=\"Sporthalle Philipstra\u00dfe\" width=\"262\" height=\"174\" srcset=\"https:\/\/www.handballratingen.de\/wp\/wp-content\/uploads\/2013\/09\/Sporthalle-Philipstra\u00dfe-300x199.jpg 300w, https:\/\/www.handballratingen.de\/wp\/wp-content\/uploads\/2013\/09\/Sporthalle-Philipstra\u00dfe.jpg 1000w\" sizes=\"(max-width: 262px) 100vw, 262px\" \/><\/a><\/p>\n<p><span style=\"color: #000000;\">\u00a0\u00a0<\/span><\/p>\n<p>&nbsp;<\/p>\n<p>&nbsp;<\/p>\n<p>&nbsp;<\/p>\n<p>&nbsp;<\/p>\n<div class=\"fusion-clearfix\"><\/div><\/div><\/div><div class=\"fusion-layout-column fusion_builder_column fusion-builder-column-2 fusion_builder_column_1_1 1_1 fusion-one-full fusion-column-first fusion-column-last fusion-column-no-min-height\" style=\"--awb-bg-size:cover;--awb-margin-bottom:0px;\"><div class=\"fusion-column-wrapper fusion-flex-column-wrapper-legacy\">\t\t\t\t\t<script type=\"text\/javascript\">\n\t\t\t\t\t\tvar map_fusion_map_69f4369918563;\n\t\t\t\t\t\tvar markers = [];\n\t\t\t\t\t\tvar counter = 0;\n\t\t\t\t\t\t\t\t\t\t\t\tfunction fusion_run_map_fusion_map_69f4369918563() {\n\t\t\t\t\t\t\tjQuery ('#fusion_map_69f4369918563' ).fusion_maps( {\n\t\t\t\t\t\t\t\taddresses: [{\"address\":\"51.297618,6.842652\",\"infobox_content\":\"\",\"coordinates\":false,\"cache\":true,\"latitude\":\"51.2976564\",\"longitude\":\"6.842971600000055\"}],\n\t\t\t\t\t\t\t\tanimations: false,\n\t\t\t\t\t\t\t\tinfobox_background_color: '',\n\t\t\t\t\t\t\t\tinfobox_styling: '',\n\t\t\t\t\t\t\t\tinfobox_text_color: '',\n\t\t\t\t\t\t\t\tmap_style: '',\n\t\t\t\t\t\t\t\tmap_type: 'roadmap',\n\t\t\t\t\t\t\t\tmarker_icon: '',\n\t\t\t\t\t\t\t\toverlay_color: '',\n\t\t\t\t\t\t\t\toverlay_color_hsl: {\"hue\":0,\"sat\":0,\"lum\":100},\n\t\t\t\t\t\t\t\tshow_address: true,\n\t\t\t\t\t\t\t\tscale_control: true,\n\t\t\t\t\t\t\t\tscrollwheel: true,\n\t\t\t\t\t\t\t\tzoom: 14,\n\t\t\t\t\t\t\t\tzoom_control: true,\n\t\t\t\t\t\t\t} );\n\t\t\t\t\t\t}\n\n\t\t\t\t\t\tgoogle.maps.event.addDomListener(window, 'load', fusion_run_map_fusion_map_69f4369918563);\n\t\t\t\t\t<\/script>\n\t\t\t\t\t<div class=\"shortcode-map fusion-google-map fusion-maps-js-type\" style=\"--awb-height:250px;\" id=\"fusion_map_69f4369918563\"><\/div>\n<p>&nbsp;<div class=\"fusion-clearfix\"><\/div><\/div><\/div><\/div><\/div><\/p>\n","protected":false},"excerpt":{"rendered":"<p>Die Sportst\u00e4tten sind leicht zu finden. Sie liegen zentral in der Innenstadt Ratingens. &#8230;&#8230;&#8230;&#8230;&#8230;&#8230;&#8230;&#8230;&#8230;&#8230;&#8230;&#8230;&#8230;&#8230;&#8230;&#8230;&#8230;&#8230;&#8230;&#8230;&#8230;&#8230;&#8230;&#8230;&#8230;&#8230;&#8230;&#8230;&#8230;&#8230;&#8230;&#8230;&#8230;&#8230;&#8230;&#8230;&#8230;&#8230;&#8230;&#8230;&#8230;&#8230;&#8230;&#8230;&#8230;&#8230;&#8230;&#8230;&#8230;&#8230;&#8230;. &nbsp; Sporthalle Europaring | Karl-M\u00fccher-Weg, 40878 Ratingen Die Heimspielst\u00e4tte des TV Ratingen &#8211; die Sporthalle am Europaring &#8211; befindet sich im Herzen von Ratingen. Die Halle kann bequem fussl\u00e4ufig, mit dem \u00d6PNV oder privaten PKW erreicht  [&#8230;]<\/p>\n","protected":false},"author":1,"featured_media":0,"parent":6375,"menu_order":0,"comment_status":"open","ping_status":"open","template":"","meta":{"ngg_post_thumbnail":0,"jetpack_post_was_ever_published":false,"footnotes":""},"class_list":["post-148","page","type-page","status-publish","hentry"],"jetpack_sharing_enabled":true,"jetpack_shortlink":"https:\/\/wp.me\/P4Z74q-2o","_links":{"self":[{"href":"https:\/\/www.handballratingen.de\/wp\/index.php?rest_route=\/wp\/v2\/pages\/148","targetHints":{"allow":["GET"]}}],"collection":[{"href":"https:\/\/www.handballratingen.de\/wp\/index.php?rest_route=\/wp\/v2\/pages"}],"about":[{"href":"https:\/\/www.handballratingen.de\/wp\/index.php?rest_route=\/wp\/v2\/types\/page"}],"author":[{"embeddable":true,"href":"https:\/\/www.handballratingen.de\/wp\/index.php?rest_route=\/wp\/v2\/users\/1"}],"replies":[{"embeddable":true,"href":"https:\/\/www.handballratingen.de\/wp\/index.php?rest_route=%2Fwp%2Fv2%2Fcomments&post=148"}],"version-history":[{"count":38,"href":"https:\/\/www.handballratingen.de\/wp\/index.php?rest_route=\/wp\/v2\/pages\/148\/revisions"}],"predecessor-version":[{"id":13968,"href":"https:\/\/www.handballratingen.de\/wp\/index.php?rest_route=\/wp\/v2\/pages\/148\/revisions\/13968"}],"up":[{"embeddable":true,"href":"https:\/\/www.handballratingen.de\/wp\/index.php?rest_route=\/wp\/v2\/pages\/6375"}],"wp:attachment":[{"href":"https:\/\/www.handballratingen.de\/wp\/index.php?rest_route=%2Fwp%2Fv2%2Fmedia&parent=148"}],"curies":[{"name":"wp","href":"https:\/\/api.w.org\/{rel}","templated":true}]}}